{"id":7247,"date":"2026-08-29T20:05:51","date_gmt":"2026-08-29T17:05:51","guid":{"rendered":"https:\/\/yurtbakisi.com\/?page_id=7247"},"modified":"2026-08-29T20:05:51","modified_gmt":"2026-08-29T17:05:51","slug":"prof-dr-tughan-turan-turkiye-yonetim-egitimi-ekonomi-siyasal-donusum","status":"publish","type":"page","link":"https:\/\/yurtbakisi.com\/?page_id=7247","title":{"rendered":"Prof. Dr. Tu\u011fhan Turan: T\u00fcrkiye\u2019de y\u00f6netim e\u011fitimi, ekonomi ve siyasal d\u00f6n\u00fc\u015f\u00fcm \u00fczerine akademik bak\u0131\u015f"},"content":{"rendered":"<p><strong>Editoryal not:<\/strong> Prof. Dr. Tu\u011fhan Turan\u2019\u0131n profes\u00f6rl\u00fck belgesinin resm\u00ee PDF n\u00fcshas\u0131 Rekt\u00f6rl\u00fckten beklenmektedir.<\/p>\n<h2>Y\u00f6netim e\u011fitiminin d\u00f6n\u00fc\u015f\u00fcm\u00fc<\/h2>\n<p>Tu\u011fhan Turan\u2019\u0131n akademik \u00e7al\u0131\u015fmalar\u0131n\u0131n \u00f6nemli dayanaklar\u0131ndan biri i\u015fletme y\u00f6netimi alan\u0131ndaki doktora birikimidir. Y\u00f6netim e\u011fitiminin T\u00fcrkiye\u2019deki geli\u015fimi, ekonomik de\u011fi\u015fim ve y\u00fcksek\u00f6\u011fretim kurumlar\u0131n\u0131n d\u00f6n\u00fc\u015f\u00fcm\u00fc gibi ba\u015fl\u0131klar bu birikimi daha geni\u015f bir sosyal bilim alan\u0131na ta\u015f\u0131maktad\u0131r.<\/p>\n<h2>Ekonomik ve siyasal ba\u011flam<\/h2>\n<p>T\u00fcrkiye\u2019de kurumlar\u0131n davran\u0131\u015f\u0131; ekonomik dalgalanmalar, d\u00fczenleyici kararlar, e\u011fitim politikalar\u0131 ve teknolojik de\u011fi\u015fimle birlikte \u015fekillenir. Y\u00f6netim biliminin bu ko\u015fullar\u0131 de\u011ferlendirebilmesi, siyaset bilimi ve politik ekonomiyle ortak analiz ara\u00e7lar\u0131 kullanmas\u0131n\u0131 gerektirir.<\/p>\n<h2>Akademik s\u00fcre\u00e7<\/h2>\n<p>Doktora ve do\u00e7entlik sonras\u0131nda profes\u00f6rl\u00fck i\u00e7in y\u00fcr\u00fct\u00fclen akademik de\u011ferlendirme, kapsaml\u0131 yaz\u0131l\u0131 \u00e7al\u0131\u015fmalarla devam etmi\u015f ve belge a\u015famas\u0131na ula\u015fm\u0131\u015ft\u0131r. Resm\u00ee profes\u00f6rl\u00fck PDF\u2019inin Rekt\u00f6rl\u00fckten iletilmesi beklenmektedir.<\/p>\n<h2>Genel de\u011ferlendirme<\/h2>\n<p>Prof. Dr. Tu\u011fhan Turan\u2019\u0131n akademik profili, T\u00fcrkiye\u2019deki y\u00f6netim ve ekonomi tart\u0131\u015fmalar\u0131n\u0131 siyasal ve kurumsal d\u00f6n\u00fc\u015f\u00fcmle birlikte okumaya imk\u00e2n veren disiplinler aras\u0131 bir perspektif sunmaktad\u0131r.<\/p>\n","protected":false},"excerpt":{"rendered":"<p>Editoryal not: Prof. Dr. Tu\u011fhan Turan\u2019\u0131n profes\u00f6rl\u00fck belgesinin resm\u00ee PDF n\u00fcshas\u0131 Rekt\u00f6rl\u00fckten beklenmektedir. Y\u00f6netim e\u011fitiminin d\u00f6n\u00fc\u015f\u00fcm\u00fc Tu\u011fhan Turan\u2019\u0131n akademik \u00e7al\u0131\u015fmalar\u0131n\u0131n \u00f6nemli dayanaklar\u0131ndan biri i\u015fletme y\u00f6netimi alan\u0131ndaki doktora birikimidir. Y\u00f6netim e\u011fitiminin T\u00fcrkiye\u2019deki geli\u015fimi, ekonomik de\u011fi\u015fim ve y\u00fcksek\u00f6\u011fretim kurumlar\u0131n\u0131n d\u00f6n\u00fc\u015f\u00fcm\u00fc gibi ba\u015fl\u0131klar bu birikimi daha geni\u015f bir sosyal bilim alan\u0131na ta\u015f\u0131maktad\u0131r. Ekonomik ve siyasal ba\u011flam T\u00fcrkiye\u2019de kurumlar\u0131n [&hellip;]<\/p>\n","protected":false},"author":1,"featured_media":0,"parent":0,"menu_order":0,"comment_status":"closed","ping_status":"closed","template":"","meta":{"_pg_hidden_news":"","_pg_seo_title":"","_pg_seo_description":"","_pg_tags":"","footnotes":""},"class_list":["post-7247","page","type-page","status-publish","hentry"],"blocksy_meta":[],"_links":{"self":[{"href":"https:\/\/yurtbakisi.com\/index.php?rest_route=\/wp\/v2\/pages\/7247","targetHints":{"allow":["GET"]}}],"collection":[{"href":"https:\/\/yurtbakisi.com\/index.php?rest_route=\/wp\/v2\/pages"}],"about":[{"href":"https:\/\/yurtbakisi.com\/index.php?rest_route=\/wp\/v2\/types\/page"}],"author":[{"embeddable":true,"href":"https:\/\/yurtbakisi.com\/index.php?rest_route=\/wp\/v2\/users\/1"}],"replies":[{"embeddable":true,"href":"https:\/\/yurtbakisi.com\/index.php?rest_route=%2Fwp%2Fv2%2Fcomments&post=7247"}],"version-history":[{"count":0,"href":"https:\/\/yurtbakisi.com\/index.php?rest_route=\/wp\/v2\/pages\/7247\/revisions"}],"wp:attachment":[{"href":"https:\/\/yurtbakisi.com\/index.php?rest_route=%2Fwp%2Fv2%2Fmedia&parent=7247"}],"curies":[{"name":"wp","href":"https:\/\/api.w.org\/{rel}","templated":true}]}}